{"id":136,"date":"2018-06-25T09:59:02","date_gmt":"2018-06-25T13:59:02","guid":{"rendered":"https:\/\/foundation.exparl.ca\/what-we-fund\/"},"modified":"2018-11-23T16:20:07","modified_gmt":"2018-11-23T21:20:07","slug":"ce-que-nous-financons","status":"publish","type":"page","link":"https:\/\/foundation.exparl.ca\/fr\/ce-que-nous-financons\/","title":{"rendered":"Ce que nous finan\u00e7ons"},"content":{"rendered":"<section class=\"wpb-content-wrapper\"><p>[vc_row el_class=\u00a0\u00bbinner-container page_panel\u00a0\u00bb][vc_column][vc_column_text]La Fondation pour l\u2019\u00e9ducation finance des projets et des activit\u00e9s pr\u00e9sent\u00e9s par des organismes de bienfaisance enregistr\u00e9s qui contribuent \u00e0 l&rsquo;\u00e9ducation civique et renforcent les institutions d\u00e9mocratiques au Canada et \u00e0 l&rsquo;\u00e9tranger. Les projets doivent d\u00e9montrer comment ils vont contribuer \u00e0 la mission de la Fondation et sont approuv\u00e9s par son conseil d&rsquo;administration.<\/p>\n<p>De plus, la Fondation m\u00e8ne des activit\u00e9s \u00e9ducatives par l&rsquo;entremise de ses membres, des ex-parlementaires du Canada, qui partagent b\u00e9n\u00e9volement leurs connaissances et leur exp\u00e9rience sur la d\u00e9mocratie parlementaire du Canada. Pour de plus amples renseignements sur la fa\u00e7on de r\u00e9server du temps avec un ex-parlementaire en tant que conf\u00e9rencier ou mod\u00e9rateur, veuillez cliquer <a href=\"\/\/exparl.ca\/fr\/bureau-des-conferenciers\/\" target=\"_blank\" rel=\"noopener\">ici<\/a>.[\/vc_column_text][\/vc_column][\/vc_row]<\/p>\n<\/section>","protected":false},"excerpt":{"rendered":"<p>[vc_row el_class=\u00a0\u00bbinner-container page_panel\u00a0\u00bb][vc_column][vc_column_text]La Fondation pour l\u2019\u00e9ducation finance des projets et des activit\u00e9s pr\u00e9sent\u00e9s par des organismes de bienfaisance enregistr\u00e9s qui contribuent \u00e0 l&rsquo;\u00e9ducation civique et renforcent les institutions d\u00e9mocratiques au Canada et \u00e0 l&rsquo;\u00e9tranger. Les projets doivent d\u00e9montrer comment ils vont contribuer \u00e0 la mission de la Fondation et sont approuv\u00e9s par son conseil d&rsquo;administration&#8230;.<\/p>\n","protected":false},"author":1,"featured_media":0,"parent":0,"menu_order":0,"comment_status":"closed","ping_status":"closed","template":"","meta":{"footnotes":""},"class_list":["post-136","page","type-page","status-publish","hentry"],"yoast_head":"<!-- This site is optimized with the Yoast SEO plugin v19.9 - https:\/\/yoast.com\/wordpress\/plugins\/seo\/ -->\n<title>Ce que nous finan\u00e7ons | Fondation pour l\u2019\u00e9ducation de l\u2019ACEP<\/title>\n<meta name=\"robots\" content=\"index, follow, max-snippet:-1, max-image-preview:large, max-video-preview:-1\" \/>\n<link rel=\"canonical\" href=\"https:\/\/foundation.exparl.ca\/fr\/ce-que-nous-financons\/\" \/>\n<meta property=\"og:locale\" content=\"fr_FR\" \/>\n<meta property=\"og:type\" content=\"article\" \/>\n<meta property=\"og:title\" content=\"Ce que nous finan\u00e7ons | Fondation pour l\u2019\u00e9ducation de l\u2019ACEP\" \/>\n<meta property=\"og:description\" content=\"[vc_row el_class=\u00a0\u00bbinner-container page_panel\u00a0\u00bb][vc_column][vc_column_text]La Fondation pour l\u2019\u00e9ducation finance des projets et des activit\u00e9s pr\u00e9sent\u00e9s par des organismes de bienfaisance enregistr\u00e9s qui contribuent \u00e0 l&rsquo;\u00e9ducation civique et renforcent les institutions d\u00e9mocratiques au Canada et \u00e0 l&rsquo;\u00e9tranger. Les projets doivent d\u00e9montrer comment ils vont contribuer \u00e0 la mission de la Fondation et sont approuv\u00e9s par son conseil d&rsquo;administration....\" \/>\n<meta property=\"og:url\" content=\"https:\/\/foundation.exparl.ca\/fr\/ce-que-nous-financons\/\" \/>\n<meta property=\"og:site_name\" content=\"Fondation pour l\u2019\u00e9ducation de l\u2019ACEP\" \/>\n<meta property=\"article:modified_time\" content=\"2018-11-23T21:20:07+00:00\" \/>\n<meta name=\"twitter:card\" content=\"summary_large_image\" \/>\n<meta name=\"twitter:label1\" content=\"Dur\u00e9e de lecture estim\u00e9e\" \/>\n\t<meta name=\"twitter:data1\" content=\"1 minute\" \/>\n<script type=\"application\/ld+json\" class=\"yoast-schema-graph\">{\"@context\":\"https:\/\/schema.org\",\"@graph\":[{\"@type\":\"WebPage\",\"@id\":\"https:\/\/foundation.exparl.ca\/fr\/ce-que-nous-financons\/\",\"url\":\"https:\/\/foundation.exparl.ca\/fr\/ce-que-nous-financons\/\",\"name\":\"Ce que nous finan\u00e7ons | Fondation pour l\u2019\u00e9ducation de l\u2019ACEP\",\"isPartOf\":{\"@id\":\"https:\/\/foundation.exparl.ca\/fr\/#website\"},\"datePublished\":\"2018-06-25T13:59:02+00:00\",\"dateModified\":\"2018-11-23T21:20:07+00:00\",\"breadcrumb\":{\"@id\":\"https:\/\/foundation.exparl.ca\/fr\/ce-que-nous-financons\/#breadcrumb\"},\"inLanguage\":\"fr-FR\",\"potentialAction\":[{\"@type\":\"ReadAction\",\"target\":[\"https:\/\/foundation.exparl.ca\/fr\/ce-que-nous-financons\/\"]}]},{\"@type\":\"BreadcrumbList\",\"@id\":\"https:\/\/foundation.exparl.ca\/fr\/ce-que-nous-financons\/#breadcrumb\",\"itemListElement\":[{\"@type\":\"ListItem\",\"position\":1,\"name\":\"Home\",\"item\":\"https:\/\/foundation.exparl.ca\/fr\/\"},{\"@type\":\"ListItem\",\"position\":2,\"name\":\"Ce que nous finan\u00e7ons\"}]},{\"@type\":\"WebSite\",\"@id\":\"https:\/\/foundation.exparl.ca\/fr\/#website\",\"url\":\"https:\/\/foundation.exparl.ca\/fr\/\",\"name\":\"Fondation pour l\u2019\u00e9ducation de l\u2019ACEP\",\"description\":\"Fondation pour l\u2019\u00e9ducation de l\u2019ACEP\",\"potentialAction\":[{\"@type\":\"SearchAction\",\"target\":{\"@type\":\"EntryPoint\",\"urlTemplate\":\"https:\/\/foundation.exparl.ca\/fr\/?s={search_term_string}\"},\"query-input\":\"required name=search_term_string\"}],\"inLanguage\":\"fr-FR\"}]}<\/script>\n<!-- \/ Yoast SEO plugin. -->","yoast_head_json":{"title":"Ce que nous finan\u00e7ons | Fondation pour l\u2019\u00e9ducation de l\u2019ACEP","robots":{"index":"index","follow":"follow","max-snippet":"max-snippet:-1","max-image-preview":"max-image-preview:large","max-video-preview":"max-video-preview:-1"},"canonical":"https:\/\/foundation.exparl.ca\/fr\/ce-que-nous-financons\/","og_locale":"fr_FR","og_type":"article","og_title":"Ce que nous finan\u00e7ons | Fondation pour l\u2019\u00e9ducation de l\u2019ACEP","og_description":"[vc_row el_class=\u00a0\u00bbinner-container page_panel\u00a0\u00bb][vc_column][vc_column_text]La Fondation pour l\u2019\u00e9ducation finance des projets et des activit\u00e9s pr\u00e9sent\u00e9s par des organismes de bienfaisance enregistr\u00e9s qui contribuent \u00e0 l&rsquo;\u00e9ducation civique et renforcent les institutions d\u00e9mocratiques au Canada et \u00e0 l&rsquo;\u00e9tranger. Les projets doivent d\u00e9montrer comment ils vont contribuer \u00e0 la mission de la Fondation et sont approuv\u00e9s par son conseil d&rsquo;administration....","og_url":"https:\/\/foundation.exparl.ca\/fr\/ce-que-nous-financons\/","og_site_name":"Fondation pour l\u2019\u00e9ducation de l\u2019ACEP","article_modified_time":"2018-11-23T21:20:07+00:00","twitter_card":"summary_large_image","twitter_misc":{"Dur\u00e9e de lecture estim\u00e9e":"1 minute"},"schema":{"@context":"https:\/\/schema.org","@graph":[{"@type":"WebPage","@id":"https:\/\/foundation.exparl.ca\/fr\/ce-que-nous-financons\/","url":"https:\/\/foundation.exparl.ca\/fr\/ce-que-nous-financons\/","name":"Ce que nous finan\u00e7ons | Fondation pour l\u2019\u00e9ducation de l\u2019ACEP","isPartOf":{"@id":"https:\/\/foundation.exparl.ca\/fr\/#website"},"datePublished":"2018-06-25T13:59:02+00:00","dateModified":"2018-11-23T21:20:07+00:00","breadcrumb":{"@id":"https:\/\/foundation.exparl.ca\/fr\/ce-que-nous-financons\/#breadcrumb"},"inLanguage":"fr-FR","potentialAction":[{"@type":"ReadAction","target":["https:\/\/foundation.exparl.ca\/fr\/ce-que-nous-financons\/"]}]},{"@type":"BreadcrumbList","@id":"https:\/\/foundation.exparl.ca\/fr\/ce-que-nous-financons\/#breadcrumb","itemListElement":[{"@type":"ListItem","position":1,"name":"Home","item":"https:\/\/foundation.exparl.ca\/fr\/"},{"@type":"ListItem","position":2,"name":"Ce que nous finan\u00e7ons"}]},{"@type":"WebSite","@id":"https:\/\/foundation.exparl.ca\/fr\/#website","url":"https:\/\/foundation.exparl.ca\/fr\/","name":"Fondation pour l\u2019\u00e9ducation de l\u2019ACEP","description":"Fondation pour l\u2019\u00e9ducation de l\u2019ACEP","potentialAction":[{"@type":"SearchAction","target":{"@type":"EntryPoint","urlTemplate":"https:\/\/foundation.exparl.ca\/fr\/?s={search_term_string}"},"query-input":"required name=search_term_string"}],"inLanguage":"fr-FR"}]}},"_links":{"self":[{"href":"https:\/\/foundation.exparl.ca\/fr\/wp-json\/wp\/v2\/pages\/136","targetHints":{"allow":["GET"]}}],"collection":[{"href":"https:\/\/foundation.exparl.ca\/fr\/wp-json\/wp\/v2\/pages"}],"about":[{"href":"https:\/\/foundation.exparl.ca\/fr\/wp-json\/wp\/v2\/types\/page"}],"author":[{"embeddable":true,"href":"https:\/\/foundation.exparl.ca\/fr\/wp-json\/wp\/v2\/users\/1"}],"replies":[{"embeddable":true,"href":"https:\/\/foundation.exparl.ca\/fr\/wp-json\/wp\/v2\/comments?post=136"}],"version-history":[{"count":0,"href":"https:\/\/foundation.exparl.ca\/fr\/wp-json\/wp\/v2\/pages\/136\/revisions"}],"wp:attachment":[{"href":"https:\/\/foundation.exparl.ca\/fr\/wp-json\/wp\/v2\/media?parent=136"}],"curies":[{"name":"wp","href":"https:\/\/api.w.org\/{rel}","templated":true}]}}